	{"id":5752,"date":"2021-03-03T15:08:26","date_gmt":"2021-03-03T14:08:26","guid":{"rendered":"https:\/\/hepsi-markt.de\/declaration-de-confidentialite\/"},"modified":"2024-01-16T18:06:21","modified_gmt":"2024-01-16T17:06:21","slug":"declaration-de-confidentialite","status":"publish","type":"page","link":"https:\/\/hepsi-markt.de\/fr\/declaration-de-confidentialite\/","title":{"rendered":"D\u00e9claration de confidentialit\u00e9"},"content":{"rendered":"\t\t<div data-elementor-type=\"wp-page\" data-elementor-id=\"5752\" class=\"elementor elementor-5752 elementor-3\" data-elementor-post-type=\"page\">\n\t\t\t\t\t\t<section class=\"elementor-section elementor-top-section elementor-element elementor-element-3008ebb elementor-section-full_width elementor-section-height-default elementor-section-height-default\" data-id=\"3008ebb\" data-element_type=\"section\">\n\t\t\t\t\t\t<div class=\"elementor-container elementor-column-gap-default\">\n\t\t\t\t\t<div class=\"elementor-column elementor-col-100 elementor-top-column elementor-element elementor-element-1539fa41\" data-id=\"1539fa41\" data-element_type=\"column\">\n\t\t\t<div class=\"elementor-widget-wrap elementor-element-populated\">\n\t\t\t\t\t\t<div class=\"elementor-element elementor-element-5a3106e6 elementor-widget elementor-widget-image\" data-id=\"5a3106e6\" data-element_type=\"widget\" data-widget_type=\"image.default\">\n\t\t\t\t<div class=\"elementor-widget-container\">\n\t\t\t\t\t\t\t\t\t\t\t\t\t\t\t\t<a href=\"https:\/\/hepsi-markt.de\/datenschutzerklaerung-turk\/\">\n\t\t\t\t\t\t\t<img decoding=\"async\" src=\"https:\/\/hepsi-markt.de\/wp-content\/uploads\/06\/Lang-button-green-29.png\" title=\"\" alt=\"\" loading=\"lazy\" \/>\t\t\t\t\t\t\t\t<\/a>\n\t\t\t\t\t\t\t\t\t\t\t\t\t\t\t<\/div>\n\t\t\t\t<\/div>\n\t\t\t\t\t<\/div>\n\t\t<\/div>\n\t\t\t\t\t<\/div>\n\t\t<\/section>\n\t\t\t\t<section class=\"elementor-section elementor-top-section elementor-element elementor-element-6a3905c elementor-section-boxed elementor-section-height-default elementor-section-height-default\" data-id=\"6a3905c\" data-element_type=\"section\">\n\t\t\t\t\t\t<div class=\"elementor-container elementor-column-gap-default\">\n\t\t\t\t\t<div class=\"elementor-column elementor-col-100 elementor-top-column elementor-element elementor-element-1d9f1af\" data-id=\"1d9f1af\" data-element_type=\"column\">\n\t\t\t<div class=\"elementor-widget-wrap elementor-element-populated\">\n\t\t\t\t\t\t<div class=\"elementor-element elementor-element-e8265e0 elementor-widget elementor-widget-heading\" data-id=\"e8265e0\" data-element_type=\"widget\" data-widget_type=\"heading.default\">\n\t\t\t\t<div class=\"elementor-widget-container\">\n\t\t\t\t\t<h1 class=\"elementor-heading-title elementor-size-default\">D\u00e9claration de confidentialit\u00e9<\/h1>\t\t\t\t<\/div>\n\t\t\t\t<\/div>\n\t\t\t\t\t<\/div>\n\t\t<\/div>\n\t\t\t\t\t<\/div>\n\t\t<\/section>\n\t\t\t\t<section class=\"elementor-section elementor-top-section elementor-element elementor-element-2aaaec79 elementor-section-boxed elementor-section-height-default elementor-section-height-default\" data-id=\"2aaaec79\" data-element_type=\"section\">\n\t\t\t\t\t\t<div class=\"elementor-container elementor-column-gap-default\">\n\t\t\t\t\t<div class=\"elementor-column elementor-col-100 elementor-top-column elementor-element elementor-element-43d69682\" data-id=\"43d69682\" data-element_type=\"column\">\n\t\t\t<div class=\"elementor-widget-wrap elementor-element-populated\">\n\t\t\t\t\t\t<div class=\"elementor-element elementor-element-21d63f2 elementor-widget elementor-widget-spacer\" data-id=\"21d63f2\" data-element_type=\"widget\" data-widget_type=\"spacer.default\">\n\t\t\t\t<div class=\"elementor-widget-container\">\n\t\t\t\t\t\t\t<div class=\"elementor-spacer\">\n\t\t\t<div class=\"elementor-spacer-inner\"><\/div>\n\t\t<\/div>\n\t\t\t\t\t\t<\/div>\n\t\t\t\t<\/div>\n\t\t\t\t<div class=\"elementor-element elementor-element-393e7d16 elementor-widget elementor-widget-text-editor\" data-id=\"393e7d16\" data-element_type=\"widget\" data-widget_type=\"text-editor.default\">\n\t\t\t\t<div class=\"elementor-widget-container\">\n\t\t\t\t\t\t\t\t\t<p>Nous sommes tr\u00e8s heureux de l&rsquo;int\u00e9r\u00eat que vous portez \u00e0 notre entreprise. La protection des donn\u00e9es rev\u00eat une importance particuli\u00e8rement \u00e9lev\u00e9e pour la direction de Hepsi-Markt. L&rsquo;utilisation des pages Internet de Hepsi-Markt est en principe possible sans aucune indication de donn\u00e9es personnelles. Si une personne concern\u00e9e souhaite utiliser des services particuliers de notre entreprise via notre site Internet, le traitement de donn\u00e9es \u00e0 caract\u00e8re personnel pourrait toutefois s&rsquo;av\u00e9rer n\u00e9cessaire. Si le traitement de donn\u00e9es \u00e0 caract\u00e8re personnel est n\u00e9cessaire et qu&rsquo;il n&rsquo;existe pas de base l\u00e9gale pour un tel traitement, nous demandons g\u00e9n\u00e9ralement le consentement de la personne concern\u00e9e.<\/p>\n<p>Le traitement des donn\u00e9es \u00e0 caract\u00e8re personnel, telles que le nom, l&rsquo;adresse, l&rsquo;adresse \u00e9lectronique ou le num\u00e9ro de t\u00e9l\u00e9phone d&rsquo;une personne concern\u00e9e, s&rsquo;effectue toujours en conformit\u00e9 avec le r\u00e8glement g\u00e9n\u00e9ral sur la protection des donn\u00e9es et avec les dispositions nationales sp\u00e9cifiques \u00e0 la protection des donn\u00e9es en vigueur pour Hepsi-Markt. Par la pr\u00e9sente d\u00e9claration de protection des donn\u00e9es, notre entreprise souhaite informer le public sur la nature, l&rsquo;\u00e9tendue et la finalit\u00e9 des donn\u00e9es personnelles que nous collectons, utilisons et traitons. En outre, les personnes concern\u00e9es sont inform\u00e9es de leurs droits au moyen de la pr\u00e9sente d\u00e9claration de confidentialit\u00e9.<\/p>\n<p>En tant que responsable du traitement, Hepsi-Markt a mis en \u0153uvre de nombreuses mesures techniques et organisationnelles afin d&rsquo;assurer la protection la plus compl\u00e8te possible des donn\u00e9es personnelles trait\u00e9es via ce site Internet. Toutefois, les transmissions de donn\u00e9es sur Internet peuvent pr\u00e9senter des failles de s\u00e9curit\u00e9, de sorte qu&rsquo;une protection absolue ne peut pas \u00eatre garantie. Pour cette raison, chaque personne concern\u00e9e est libre de nous transmettre des donn\u00e9es \u00e0 caract\u00e8re personnel par d&rsquo;autres moyens, par exemple par t\u00e9l\u00e9phone.<\/p>\n<h3>1) D\u00e9finitions<\/h3>\n<p>La d\u00e9claration de protection des donn\u00e9es de Hepsi-Markt repose sur les notions utilis\u00e9es par le l\u00e9gislateur europ\u00e9en lors de l&rsquo;adoption du r\u00e8glement g\u00e9n\u00e9ral sur la protection des donn\u00e9es (RGPD). Notre d\u00e9claration de confidentialit\u00e9 doit \u00eatre facile \u00e0 lire et \u00e0 comprendre, tant pour le public que pour nos clients et partenaires commerciaux. Pour garantir cela, nous souhaitons tout d&rsquo;abord expliquer les termes utilis\u00e9s.<\/p>\n<p>Dans la pr\u00e9sente d\u00e9claration de confidentialit\u00e9, nous utilisons entre autres les termes suivants :<\/p>\n<ul style=\"list-style: none;\">\n<li>\n<h3>a) les donn\u00e9es \u00e0 caract\u00e8re personnel<\/h3>\n<p>Les donn\u00e9es \u00e0 caract\u00e8re personnel sont toutes les informations qui se rapportent \u00e0 une personne physique identifi\u00e9e ou identifiable (ci-apr\u00e8s d\u00e9nomm\u00e9e \u00ab\u00a0personne concern\u00e9e\u00a0\u00bb). Est r\u00e9put\u00e9e identifiable une personne physique qui peut \u00eatre identifi\u00e9e, directement ou indirectement, notamment par r\u00e9f\u00e9rence \u00e0 un identifiant, tel qu&rsquo;un nom, \u00e0 un num\u00e9ro d&rsquo;identification, \u00e0 des donn\u00e9es de localisation, \u00e0 un identifiant en ligne ou \u00e0 une ou plusieurs caract\u00e9ristiques particuli\u00e8res, propres \u00e0 l&rsquo;identit\u00e9 physique, physiologique, g\u00e9n\u00e9tique, psychique, \u00e9conomique, culturelle ou sociale de cette personne physique.<\/p>\n<\/li>\n<li>\n<h3>b) personne concern\u00e9e<\/h3>\n<p>La personne concern\u00e9e est toute personne physique identifi\u00e9e ou identifiable dont les donn\u00e9es \u00e0 caract\u00e8re personnel sont trait\u00e9es par le responsable du traitement.<\/p>\n<\/li>\n<li>\n<h3>c) Traitement<\/h3>\n<p>Le traitement est toute op\u00e9ration ou tout ensemble d&rsquo;op\u00e9rations effectu\u00e9es ou non \u00e0 l&rsquo;aide de proc\u00e9d\u00e9s automatis\u00e9s et appliqu\u00e9es \u00e0 des donn\u00e9es \u00e0 caract\u00e8re personnel, telles que la collecte, l&rsquo;enregistrement, l&rsquo;organisation, le classement, la conservation, l&rsquo;adaptation ou la modification, l&rsquo;extraction, la consultation, l&rsquo;utilisation, la communication par transmission, diffusion ou toute autre forme de mise \u00e0 disposition, le rapprochement ou l&rsquo;interconnexion, la limitation, l&rsquo;effacement ou la destruction.<\/p>\n<\/li>\n<li>\n<h3>d) la limitation du traitement<\/h3>\n<p>La limitation du traitement est le marquage des donn\u00e9es \u00e0 caract\u00e8re personnel enregistr\u00e9es dans le but de limiter leur traitement futur.<\/p>\n<\/li>\n<li>\n<h3>e) le profilage<\/h3>\n<p>Le profilage est tout type de traitement automatis\u00e9 de donn\u00e9es \u00e0 caract\u00e8re personnel consistant \u00e0 utiliser ces donn\u00e9es \u00e0 caract\u00e8re personnel pour \u00e9valuer certains aspects personnels relatifs \u00e0 une personne physique, notamment pour analyser ou pr\u00e9dire des aspects concernant le rendement au travail, la situation \u00e9conomique, la sant\u00e9, les pr\u00e9f\u00e9rences personnelles, les int\u00e9r\u00eats, la fiabilit\u00e9, le comportement, la localisation ou le d\u00e9placement de cette personne physique.<\/p>\n<\/li>\n<li>\n<h3>f) Pseudonymisation<\/h3>\n<p>La pseudonymisation est le traitement de donn\u00e9es \u00e0 caract\u00e8re personnel de telle mani\u00e8re que les donn\u00e9es \u00e0 caract\u00e8re personnel ne puissent plus \u00eatre attribu\u00e9es \u00e0 une personne concern\u00e9e sp\u00e9cifique sans l&rsquo;utilisation d&rsquo;informations suppl\u00e9mentaires, \u00e0 condition que ces informations suppl\u00e9mentaires soient conserv\u00e9es s\u00e9par\u00e9ment et soumises \u00e0 des mesures techniques et organisationnelles garantissant que les donn\u00e9es \u00e0 caract\u00e8re personnel ne sont pas attribu\u00e9es \u00e0 une personne physique identifi\u00e9e ou identifiable.<\/p>\n<\/li>\n<li>\n<h3>g) responsable ou responsable du traitement<\/h3>\n<p>Le responsable ou le charg\u00e9 de traitement est la personne physique ou morale, l&rsquo;autorit\u00e9 publique, le service ou tout autre organisme qui, seul ou conjointement avec d&rsquo;autres, d\u00e9termine les finalit\u00e9s et les moyens du traitement de donn\u00e9es \u00e0 caract\u00e8re personnel. Lorsque les finalit\u00e9s et les moyens de ce traitement sont d\u00e9termin\u00e9s par le droit de l&rsquo;Union ou le droit des \u00c9tats membres, le responsable du traitement ou les crit\u00e8res sp\u00e9cifiques de sa d\u00e9signation peuvent \u00eatre pr\u00e9vus par le droit de l&rsquo;Union ou le droit des \u00c9tats membres.<\/p>\n<\/li>\n<li>\n<h3>h) les sous-traitants<\/h3>\n<p>Le sous-traitant est une personne physique ou morale, une autorit\u00e9 publique, un organisme ou un autre service qui traite des donn\u00e9es \u00e0 caract\u00e8re personnel pour le compte du responsable du traitement.<\/p>\n<\/li>\n<li>\n<h3>i) Destinataire<\/h3>\n<p>Le destinataire est une personne physique ou morale, une autorit\u00e9 publique, un organisme ou un autre service auquel des donn\u00e9es \u00e0 caract\u00e8re personnel sont divulgu\u00e9es, qu&rsquo;il s&rsquo;agisse ou non d&rsquo;un tiers. Toutefois, les autorit\u00e9s susceptibles de recevoir des donn\u00e9es \u00e0 caract\u00e8re personnel dans le cadre d&rsquo;une mission d&rsquo;enqu\u00eate sp\u00e9cifique en vertu du droit de l&rsquo;Union ou du droit des \u00c9tats membres ne sont pas consid\u00e9r\u00e9es comme des destinataires.<\/p>\n<\/li>\n<li>\n<h3>j) Troisi\u00e8me<\/h3>\n<p>Le tiers est une personne physique ou morale, une autorit\u00e9 publique, un service ou un autre organisme autre que la personne concern\u00e9e, le responsable du traitement, le sous-traitant et les personnes qui, plac\u00e9es sous l&rsquo;autorit\u00e9 directe du responsable du traitement ou du sous-traitant, sont habilit\u00e9es \u00e0 traiter les donn\u00e9es \u00e0 caract\u00e8re personnel.<\/p>\n<\/li>\n<li>\n<h3>k) consentement<\/h3>\n<p>Le consentement est toute manifestation de volont\u00e9, sous la forme d&rsquo;une d\u00e9claration ou de tout autre acte confirmatif clair, exprim\u00e9e volontairement par la personne concern\u00e9e pour un cas sp\u00e9cifique, en connaissance de cause et sans \u00e9quivoque, par laquelle la personne concern\u00e9e indique qu&rsquo;elle accepte que des donn\u00e9es \u00e0 caract\u00e8re personnel la concernant fassent l&rsquo;objet d&rsquo;un traitement.<\/p>\n<\/li>\n<\/ul>\n<h3>2) le nom et l&rsquo;adresse du responsable du traitement<\/h3>\n<p>Le responsable au sens du r\u00e8glement g\u00e9n\u00e9ral sur la protection des donn\u00e9es, d&rsquo;autres lois sur la protection des donn\u00e9es en vigueur dans les \u00c9tats membres de l&rsquo;Union europ\u00e9enne et d&rsquo;autres dispositions \u00e0 caract\u00e8re juridique relatives \u00e0 la protection des donn\u00e9es est la :<\/p>\n<p>Hepsi-Markt<\/p>\n<p>K\u00fcppersteger Str. 3<\/p>\n<p>51373 Leverkusen<\/p>\n<p>NRW<\/p>\n<p>T\u00e9l. : 0214 &#8211; 20 286 550<\/p>\n<p>Courrier \u00e9lectronique : info@hepsi-markt.de<\/p>\n<p>Site web : https:\/\/hepsi-markt.de<\/p>\n<h3>3. les cookies<\/h3>\n<p>Les pages Internet de Hepsi-Markt utilisent des cookies. Les cookies sont des fichiers texte qui sont d\u00e9pos\u00e9s et enregistr\u00e9s sur un syst\u00e8me informatique via un navigateur Internet.<\/p>\n<p>De nombreux sites Internet et serveurs utilisent des cookies. De nombreux cookies contiennent ce que l&rsquo;on appelle un cookie ID. Un identifiant de cookie est un identifiant unique du cookie. Il se compose d&rsquo;une cha\u00eene de caract\u00e8res gr\u00e2ce \u00e0 laquelle les pages Internet et les serveurs peuvent \u00eatre attribu\u00e9s au navigateur Internet concret dans lequel le cookie a \u00e9t\u00e9 enregistr\u00e9. Cela permet aux sites Internet et aux serveurs visit\u00e9s de distinguer le navigateur individuel de la personne concern\u00e9e des autres navigateurs Internet contenant d&rsquo;autres cookies. Un navigateur Internet donn\u00e9 peut \u00eatre reconnu et identifi\u00e9 gr\u00e2ce \u00e0 l&rsquo;identifiant unique du cookie.<\/p>\n<p>Gr\u00e2ce \u00e0 l&rsquo;utilisation de cookies, Hepsi-Markt peut fournir aux utilisateurs de ce site Internet des services plus conviviaux qui ne seraient pas possibles sans l&rsquo;installation de cookies.<\/p>\n<p>Un cookie permet d&rsquo;optimiser les informations et les offres de notre site Internet dans l&rsquo;int\u00e9r\u00eat de l&rsquo;utilisateur. Les cookies nous permettent, comme nous l&rsquo;avons d\u00e9j\u00e0 mentionn\u00e9, de reconna\u00eetre les utilisateurs de notre site Internet. L&rsquo;objectif de cette reconnaissance est de faciliter l&rsquo;utilisation de notre site Internet par les utilisateurs. Par exemple, l&rsquo;utilisateur d&rsquo;un site Internet qui utilise des cookies n&rsquo;a pas besoin de saisir \u00e0 nouveau ses donn\u00e9es d&rsquo;acc\u00e8s \u00e0 chaque visite du site, car le site Internet et le cookie stock\u00e9 sur le syst\u00e8me informatique de l&rsquo;utilisateur s&rsquo;en chargent. Un autre exemple est le cookie d&rsquo;un panier d&rsquo;achat dans une boutique en ligne. La boutique en ligne se souvient des articles qu&rsquo;un client a plac\u00e9s dans son panier virtuel gr\u00e2ce \u00e0 un cookie.<\/p>\n<p>La personne concern\u00e9e peut \u00e0 tout moment emp\u00eacher la mise en place de cookies par notre site Internet au moyen d&rsquo;un r\u00e9glage correspondant du navigateur Internet utilis\u00e9 et s&rsquo;opposer ainsi durablement \u00e0 la mise en place de cookies. En outre, les cookies d\u00e9j\u00e0 install\u00e9s peuvent \u00eatre supprim\u00e9s \u00e0 tout moment via un navigateur Internet ou d&rsquo;autres logiciels. Cela est possible dans tous les navigateurs Internet courants. Si la personne concern\u00e9e d\u00e9sactive le placement de cookies dans le navigateur Internet utilis\u00e9, il se peut que toutes les fonctions de notre site Internet ne soient pas enti\u00e8rement utilisables.<\/p>\n<h3>4. collecte de donn\u00e9es et d&rsquo;informations g\u00e9n\u00e9rales<\/h3>\n<p>Le site Internet de Hepsi-Markt recueille une s\u00e9rie de donn\u00e9es et d&rsquo;informations g\u00e9n\u00e9rales \u00e0 chaque consultation du site par une personne concern\u00e9e ou un syst\u00e8me automatis\u00e9. Ces donn\u00e9es et informations g\u00e9n\u00e9rales sont enregistr\u00e9es dans les fichiers journaux du serveur. Peuvent \u00eatre saisis (1) les types et versions de navigateurs utilis\u00e9s, (2) le syst\u00e8me d&rsquo;exploitation utilis\u00e9 par le syst\u00e8me d&rsquo;acc\u00e8s, (3) le site Internet \u00e0 partir duquel un syst\u00e8me d&rsquo;acc\u00e8s acc\u00e8de \u00e0 notre site Internet (ce que l&rsquo;on appelle le r\u00e9f\u00e9rent), (4) les sous-sites Internet qui sont consult\u00e9s sur notre site Internet via un syst\u00e8me d&rsquo;acc\u00e8s, (5) la date et l&rsquo;heure d&rsquo;un acc\u00e8s au site Internet, (6) une adresse de protocole Internet (adresse IP), (7) le fournisseur de services Internet du syst\u00e8me d&rsquo;acc\u00e8s et (8) d&rsquo;autres donn\u00e9es et informations similaires qui servent \u00e0 pr\u00e9venir les risques en cas d&rsquo;attaques sur nos syst\u00e8mes informatiques.<\/p>\n<p>Lors de l&rsquo;utilisation de ces donn\u00e9es et informations g\u00e9n\u00e9rales, Hepsi-Markt ne tire aucune conclusion sur la personne concern\u00e9e. Ces informations sont plut\u00f4t n\u00e9cessaires pour (1) fournir correctement les contenus de notre site Internet, (2) optimiser les contenus de notre site Internet ainsi que la publicit\u00e9 pour celui-ci, (3) garantir le fonctionnement durable de nos syst\u00e8mes informatiques et de la technique de notre site Internet et (4) fournir aux autorit\u00e9s de poursuite p\u00e9nale les informations n\u00e9cessaires \u00e0 la poursuite p\u00e9nale en cas de cyberattaque. Ces donn\u00e9es et informations collect\u00e9es anonymement sont donc \u00e9valu\u00e9es par Hepsi-Markt d&rsquo;une part statistiquement et d&rsquo;autre part dans le but d&rsquo;augmenter la protection et la s\u00e9curit\u00e9 des donn\u00e9es dans notre entreprise, afin d&rsquo;assurer finalement un niveau de protection optimal pour les donn\u00e9es personnelles que nous traitons. Les donn\u00e9es anonymes des fichiers journaux du serveur sont stock\u00e9es s\u00e9par\u00e9ment de toutes les donn\u00e9es personnelles fournies par une personne concern\u00e9e.<\/p>\n<h3>5. possibilit\u00e9 de contact via le site internet<\/h3>\n<p>Le site Internet de Hepsi-Markt contient, en vertu de dispositions l\u00e9gales, des informations qui permettent un contact \u00e9lectronique rapide avec notre entreprise ainsi qu&rsquo;une communication directe avec nous, ce qui comprend \u00e9galement une adresse g\u00e9n\u00e9rale du courrier \u00e9lectronique (adresse e-mail). Lorsqu&rsquo;une personne concern\u00e9e prend contact avec le responsable du traitement par courrier \u00e9lectronique ou via un formulaire de contact, les donn\u00e9es \u00e0 caract\u00e8re personnel transmises par la personne concern\u00e9e sont automatiquement enregistr\u00e9es. De telles donn\u00e9es \u00e0 caract\u00e8re personnel transmises sur une base volontaire par une personne concern\u00e9e au responsable du traitement sont enregistr\u00e9es \u00e0 des fins de traitement ou de prise de contact avec la personne concern\u00e9e. Ces donn\u00e9es personnelles ne sont pas transmises \u00e0 des tiers.<\/p>\n<p><\/p>\n<h3>6. informations sur la protection des donn\u00e9es pour le ServiceBot<\/h3>\n<p>Nous vous informons ci-apr\u00e8s de mani\u00e8re claire et concise sur le traitement de vos donn\u00e9es lors de l&rsquo;utilisation de notre chatbot de service WhatsApp par Hepsi-Markt ainsi que sur vos droits \u00e0 cet \u00e9gard. Veuillez noter que des informations suppl\u00e9mentaires sur la protection des donn\u00e9es peuvent s&rsquo;appliquer \u00e0 certaines offres de Hepsi-Markt. Elles compl\u00e8tent les informations sur la protection des donn\u00e9es ci-dessous.<\/p>\n<p><\/p>\n<h3>a) Traitement des donn\u00e9es<\/h3>\n<p><\/p>\n<p>Dans le but de traiter les demandes des utilisateurs, Hepsi-Markt utilise un chatbot de service. Celui-ci est accessible via WhatsApp (WhatsApp Business Cloud API) ou un widget de chat sur le site web de Hepsi-Markt (https:\/\/hepsi-markt.de). Le chatbot de service r\u00e9pond automatiquement \u00e0 vos demandes via le canal de communication choisi.<\/p>\n<p>Dans le but de traiter les demandes des utilisateurs, Hepsi-Markt utilise un chatbot de service. Celui-ci est accessible via WhatsApp (WhatsApp Business Cloud API) ou un widget de chat sur le site web de Hepsi-Markt (https:\/\/hepsi-markt.de). Le chatbot de service r\u00e9pond automatiquement \u00e0 vos demandes via le canal de communication choisi.<\/p>\n<p>Dans le cadre de votre prise de contact avec notre chatbot de service, nous traitons les donn\u00e9es personnelles qui r\u00e9sultent des messages de texte ou des pi\u00e8ces jointes que vous avez saisis, comme votre nom, votre num\u00e9ro de client, votre adresse e-mail ou votre adresse postale.<\/p>\n<p>En outre, les donn\u00e9es suivantes sont trait\u00e9es en fonction du canal de communication :<\/p>\n<p>WhatsApp : l&rsquo;utilisation du chatbot de service via WhatsApp implique le traitement de votre num\u00e9ro de t\u00e9l\u00e9phone, de votre nom d&rsquo;utilisateur et de fichiers journaux (par ex. syst\u00e8me d&rsquo;exploitation, version de WhatsApp).<br>Widget de chat : l&rsquo;utilisation du widget de chat sur notre site web implique le traitement de fichiers journaux du navigateur (par ex. temps d&rsquo;acc\u00e8s, adresse IP, donn\u00e9es du navigateur).<br>La base juridique du traitement des donn\u00e9es est l&rsquo;article 6, paragraphe 1. 1 p. 1 lit. b) du RGPD pour les traitements li\u00e9s \u00e0 un contrat ou \u00e0 l&rsquo;article 6, paragraphe 1, du RGPD. 1 p. 1 lit. f) RGPD pour les traitements fond\u00e9s sur l&rsquo;int\u00e9r\u00eat l\u00e9gitime de Hepsi-Markt.<\/p>\n<p><br><\/p>\n<p><\/p>\n<h3>b) Destinataire<\/h3>\n<p>Pour la mise \u00e0 disposition du chatbot de service, nous faisons appel \u00e0 des prestataires de services externes (sous-traitants) qui sont tenus de respecter le RGPD par des contrats de traitement des commandes. Ceux-ci ne traitent les donn\u00e9es que dans la mesure n\u00e9cessaire.<\/p>\n<p><br><\/p>\n<p><\/p>\n<h3>c) la dur\u00e9e de conservation des donn\u00e9es<\/h3>\n<div><br><\/div>\n<div>\n<p>Les donn\u00e9es \u00e0 caract\u00e8re personnel sont supprim\u00e9es au plus tard apr\u00e8s 30 jours. L&rsquo;historique du chat enregistr\u00e9 sur votre terminal n&rsquo;en est pas affect\u00e9.<\/p>\n<p><br><\/p>\n<h3>d) Vos droits<\/h3>\n<div>\n<p>Vous avez le droit d&rsquo;acc\u00e9der \u00e0 vos donn\u00e9es, de les rectifier, de les effacer ou de limiter leur traitement. En cas d&rsquo;opposition \u00e0 la publicit\u00e9 directe, vous disposez d&rsquo;un droit g\u00e9n\u00e9ral d&rsquo;opposition. Vous pouvez r\u00e9voquer votre consentement \u00e0 tout moment. Pour ce faire, adressez-vous aux coordonn\u00e9es mentionn\u00e9es ci-dessus.<\/p><p><br><\/p><p>En cas de r\u00e9clamation, adressez-vous \u00e0 l&rsquo;autorit\u00e9 de contr\u00f4le comp\u00e9tente en mati\u00e8re de protection des donn\u00e9es : La d\u00e9l\u00e9gu\u00e9e \u00e0 la protection des donn\u00e9es du Land de Rh\u00e9nanie-du-Nord-Westphalie ou \u00e0 l&rsquo;autorit\u00e9 de protection des donn\u00e9es de votre lieu de r\u00e9sidence.<br><\/p>\n<p><br><\/p><\/div>\n<p><\/p>\n<\/div>\n<div><br><\/div>\n<p><\/p>\n<h3>7) Suppression et blocage de routine des donn\u00e9es \u00e0 caract\u00e8re personnel<\/h3>\n<p>Le responsable du traitement traite et stocke les donn\u00e9es \u00e0 caract\u00e8re personnel de la personne concern\u00e9e uniquement pendant la p\u00e9riode n\u00e9cessaire \u00e0 la r\u00e9alisation de l&rsquo;objectif de stockage ou dans la mesure o\u00f9 cela a \u00e9t\u00e9 pr\u00e9vu par le l\u00e9gislateur des directives et r\u00e8glements europ\u00e9ens ou par un autre l\u00e9gislateur dans des lois ou r\u00e8glements auxquels le responsable du traitement est soumis.<\/p>\n<p>Si l&rsquo;objectif de la sauvegarde n&rsquo;est plus valable ou si un d\u00e9lai de sauvegarde prescrit par le l\u00e9gislateur europ\u00e9en ou par un autre l\u00e9gislateur comp\u00e9tent expire, les donn\u00e9es \u00e0 caract\u00e8re personnel sont bloqu\u00e9es ou effac\u00e9es de mani\u00e8re routini\u00e8re et conform\u00e9ment aux prescriptions l\u00e9gales.<\/p>\n<h3>8. droits de la personne concern\u00e9e<\/h3>\n<ul style=\"list-style: none;\">\n<li>\n<h3>a) Droit \u00e0 la confirmation<\/h3>\n<p>Toute personne concern\u00e9e a le droit, conform\u00e9ment aux directives et aux r\u00e8glements europ\u00e9ens, d&rsquo;obtenir du responsable du traitement la confirmation que des donn\u00e9es \u00e0 caract\u00e8re personnel la concernant sont ou ne sont pas trait\u00e9es. Si une personne concern\u00e9e souhaite faire usage de ce droit de confirmation, elle peut \u00e0 tout moment s&rsquo;adresser \u00e0 un collaborateur du responsable du traitement.<\/p>\n<\/li>\n<li>\n<h3>b) Droit d&rsquo;acc\u00e8s<\/h3>\n<p>Toute personne concern\u00e9e par le traitement de donn\u00e9es \u00e0 caract\u00e8re personnel a le droit, accord\u00e9 par le l\u00e9gislateur europ\u00e9en, d&rsquo;obtenir \u00e0 tout moment du responsable du traitement des informations gratuites sur les donn\u00e9es \u00e0 caract\u00e8re personnel la concernant qui sont enregistr\u00e9es, ainsi qu&rsquo;une copie de ces informations. En outre, le l\u00e9gislateur europ\u00e9en a autoris\u00e9 la personne concern\u00e9e \u00e0 acc\u00e9der aux informations suivantes :<\/p>\n<ul style=\"list-style: none;\">\n<li>les finalit\u00e9s du traitement<\/li>\n<li>les cat\u00e9gories de donn\u00e9es \u00e0 caract\u00e8re personnel trait\u00e9es<\/li>\n<li>les destinataires ou les cat\u00e9gories de destinataires auxquels les donn\u00e9es \u00e0 caract\u00e8re personnel ont \u00e9t\u00e9 ou seront divulgu\u00e9es, notamment les destinataires situ\u00e9s dans des pays tiers ou des organisations internationales<\/li>\n<li>si possible, la dur\u00e9e pr\u00e9vue de conservation des donn\u00e9es \u00e0 caract\u00e8re personnel ou, si cela n&rsquo;est pas possible, les crit\u00e8res de d\u00e9termination de cette dur\u00e9e<\/li>\n<li>l&rsquo;existence d&rsquo;un droit de rectification ou d&rsquo;effacement des donn\u00e9es \u00e0 caract\u00e8re personnel la concernant ou d&rsquo;un droit \u00e0 la limitation du traitement par le responsable du traitement ou d&rsquo;un droit d&rsquo;opposition \u00e0 ce traitement<\/li>\n<li>l&rsquo;existence d&rsquo;un droit de recours aupr\u00e8s d&rsquo;une autorit\u00e9 de surveillance<\/li>\n<li>lorsque les donn\u00e9es \u00e0 caract\u00e8re personnel ne sont pas collect\u00e9es aupr\u00e8s de la personne concern\u00e9e : toutes les informations disponibles sur l&rsquo;origine des donn\u00e9es<\/li>\n<li>l&rsquo;existence d&rsquo;une prise de d\u00e9cision automatis\u00e9e, y compris le profilage, conform\u00e9ment \u00e0 l&rsquo;article 22, paragraphes 1 et 4, du RGPD et, au moins dans ces cas, des informations pertinentes sur la logique impliqu\u00e9e ainsi que sur la port\u00e9e et les effets escompt\u00e9s d&rsquo;un tel traitement pour la personne concern\u00e9e<\/li>\n<\/ul>\n<p>En outre, la personne concern\u00e9e dispose d&rsquo;un droit d&rsquo;information pour savoir si des donn\u00e9es \u00e0 caract\u00e8re personnel ont \u00e9t\u00e9 transmises \u00e0 un pays tiers ou \u00e0 une organisation internationale. Si tel est le cas, la personne concern\u00e9e a par ailleurs le droit d&rsquo;obtenir des informations sur les garanties appropri\u00e9es en rapport avec le transfert.<\/p>\n<p>Si une personne concern\u00e9e souhaite faire usage de ce droit d&rsquo;acc\u00e8s, elle peut \u00e0 tout moment s&rsquo;adresser \u00e0 un collaborateur du responsable du traitement.<\/p>\n<\/li>\n<li>\n<h3>c) droit de rectification<\/h3>\n<p>Toute personne concern\u00e9e par le traitement de donn\u00e9es \u00e0 caract\u00e8re personnel a le droit, accord\u00e9 par le l\u00e9gislateur europ\u00e9en, d&rsquo;exiger la rectification imm\u00e9diate de donn\u00e9es \u00e0 caract\u00e8re personnel inexactes la concernant. En outre, la personne concern\u00e9e a le droit, compte tenu des finalit\u00e9s du traitement, d&rsquo;obtenir que les donn\u00e9es \u00e0 caract\u00e8re personnel incompl\u00e8tes soient compl\u00e9t\u00e9es, y compris par une d\u00e9claration compl\u00e9mentaire.<\/p>\n<p>Si une personne concern\u00e9e souhaite exercer ce droit de rectification, elle peut \u00e0 tout moment s&rsquo;adresser \u00e0 un collaborateur du responsable du traitement.<\/p>\n<\/li>\n<li>\n<h3>d) droit \u00e0 l&rsquo;effacement (droit \u00e0 l&rsquo;oubli)<\/h3>\n<p>Toute personne concern\u00e9e par le traitement de donn\u00e9es \u00e0 caract\u00e8re personnel a le droit, accord\u00e9 par le l\u00e9gislateur europ\u00e9en, d&rsquo;obtenir du responsable du traitement que les donn\u00e9es \u00e0 caract\u00e8re personnel la concernant soient effac\u00e9es sans d\u00e9lai, dans la mesure o\u00f9 l&rsquo;une des raisons suivantes s&rsquo;applique et o\u00f9 le traitement n&rsquo;est pas n\u00e9cessaire :<\/p>\n<ul style=\"list-style: none;\">\n<li>Les donn\u00e9es \u00e0 caract\u00e8re personnel ont \u00e9t\u00e9 collect\u00e9es ou trait\u00e9es d&rsquo;une autre mani\u00e8re \u00e0 des fins pour lesquelles elles ne sont plus n\u00e9cessaires.<\/li>\n<li>La personne concern\u00e9e retire le consentement sur lequel le traitement est fond\u00e9 conform\u00e9ment \u00e0 l&rsquo;article 6, paragraphe 1, de la directive. 1, point a), du RGPD ou de l&rsquo;art. 9, al. 2, point a), du RGPD et qu&rsquo;il n&rsquo;existe pas d&rsquo;autre base juridique pour le traitement.<\/li>\n<li>La personne concern\u00e9e d\u00e9pose, conform\u00e9ment \u00e0 l&rsquo;art. 21, al. 1 RGPD, la personne concern\u00e9e s&rsquo;oppose au traitement et il n&rsquo;existe pas de motifs l\u00e9gitimes pr\u00e9pond\u00e9rants pour le traitement, ou la personne concern\u00e9e d\u00e9pose une plainte conform\u00e9ment \u00e0 l&rsquo;article 21, paragraphe 1, du RGPD. 2 du RGPD s&rsquo;oppose au traitement.<\/li>\n<li>Les donn\u00e9es \u00e0 caract\u00e8re personnel ont \u00e9t\u00e9 trait\u00e9es ill\u00e9galement.<\/li>\n<li>l&rsquo;effacement des donn\u00e9es \u00e0 caract\u00e8re personnel est n\u00e9cessaire au respect d&rsquo;une obligation l\u00e9gale en vertu du droit de l&rsquo;Union ou du droit des \u00c9tats membres auquel le responsable du traitement est soumis.<\/li>\n<li>Les donn\u00e9es \u00e0 caract\u00e8re personnel ont \u00e9t\u00e9 collect\u00e9es en relation avec des services de la soci\u00e9t\u00e9 de l&rsquo;information propos\u00e9s conform\u00e9ment \u00e0 l&rsquo;article 8, paragraphe 1, de la directive sur la protection des donn\u00e9es. 1 du RGPD.<\/li>\n<\/ul>\n<p>Si l&rsquo;une des raisons susmentionn\u00e9es s&rsquo;applique et qu&rsquo;une personne concern\u00e9e souhaite demander l&rsquo;effacement des donn\u00e9es \u00e0 caract\u00e8re personnel stock\u00e9es par Hepsi-Markt, elle peut \u00e0 tout moment s&rsquo;adresser \u00e0 un employ\u00e9 du responsable du traitement. Le collaborateur de Hepsi-Markt veillera \u00e0 ce que la demande d&rsquo;effacement soit imm\u00e9diatement satisfaite.<\/p>\n<p>Si les donn\u00e9es personnelles ont \u00e9t\u00e9 rendues publiques par Hepsi-Markt et que notre entreprise est responsable conform\u00e9ment \u00e0 l&rsquo;art. 17 al. 1 RGPD, l&rsquo;Hepsi-Markt prend, compte tenu de la technologie disponible et des co\u00fbts de mise en \u0153uvre, des mesures appropri\u00e9es, y compris des mesures techniques, pour informer les autres responsables du traitement des donn\u00e9es qui traitent les donn\u00e9es \u00e0 caract\u00e8re personnel publi\u00e9es que la personne concern\u00e9e a demand\u00e9 l&rsquo;effacement de tous les liens vers ces donn\u00e9es \u00e0 caract\u00e8re personnel ou vers des copies ou des r\u00e9plications de ces donn\u00e9es \u00e0 caract\u00e8re personnel, dans la mesure o\u00f9 le traitement n&rsquo;est pas n\u00e9cessaire. Le collaborateur de Hepsi-Markt fera le n\u00e9cessaire dans un cas particulier.<\/p>\n<\/li>\n<li>\n<h3>e) droit \u00e0 la limitation du traitement<\/h3>\n<p>Toute personne concern\u00e9e par le traitement de donn\u00e9es \u00e0 caract\u00e8re personnel a le droit, accord\u00e9 par le l\u00e9gislateur europ\u00e9en, d&rsquo;exiger du responsable du traitement qu&rsquo;il en limite le traitement si l&rsquo;une des conditions suivantes est remplie :<\/p>\n<ul style=\"list-style: none;\">\n<li>L&rsquo;exactitude des donn\u00e9es \u00e0 caract\u00e8re personnel est contest\u00e9e par la personne concern\u00e9e pendant une dur\u00e9e permettant au responsable du traitement de v\u00e9rifier l&rsquo;exactitude des donn\u00e9es \u00e0 caract\u00e8re personnel.<\/li>\n<li>le traitement est illicite, la personne concern\u00e9e refuse l&rsquo;effacement des donn\u00e9es \u00e0 caract\u00e8re personnel et demande \u00e0 la place la limitation de l&rsquo;utilisation des donn\u00e9es \u00e0 caract\u00e8re personnel.<\/li>\n<li>Le responsable du traitement n&rsquo;a plus besoin des donn\u00e9es \u00e0 caract\u00e8re personnel aux fins du traitement, mais la personne concern\u00e9e en a besoin pour faire valoir, exercer ou d\u00e9fendre des droits en justice.<\/li>\n<li>La personne concern\u00e9e s&rsquo;est oppos\u00e9e au traitement conform\u00e9ment \u00e0 l&rsquo;article 6, paragraphe 1, point b). Art. 21 al. 1 du RGPD et il n&rsquo;est pas encore \u00e9tabli si les motifs l\u00e9gitimes du responsable du traitement pr\u00e9valent sur ceux de la personne concern\u00e9e.<\/li>\n<\/ul>\n<p>Si l&rsquo;une des conditions susmentionn\u00e9es est remplie et qu&rsquo;une personne concern\u00e9e souhaite demander la limitation des donn\u00e9es \u00e0 caract\u00e8re personnel stock\u00e9es par Hepsi-Markt, elle peut \u00e0 tout moment s&rsquo;adresser \u00e0 un employ\u00e9 du responsable du traitement. L&#8217;employ\u00e9 de Hepsi-Markt veillera \u00e0 la limitation du traitement.<\/p>\n<\/li>\n<li>\n<h3>f) droit \u00e0 la portabilit\u00e9 des donn\u00e9es<\/h3>\n<p>Toute personne concern\u00e9e par le traitement de donn\u00e9es \u00e0 caract\u00e8re personnel a le droit, accord\u00e9 par le l\u00e9gislateur europ\u00e9en, de recevoir les donn\u00e9es \u00e0 caract\u00e8re personnel la concernant, fournies par la personne concern\u00e9e \u00e0 un responsable du traitement, dans un format structur\u00e9, couramment utilis\u00e9 et lisible par machine. Elle a \u00e9galement le droit de transmettre ces donn\u00e9es \u00e0 un autre responsable du traitement sans entrave de la part du responsable du traitement auquel les donn\u00e9es \u00e0 caract\u00e8re personnel ont \u00e9t\u00e9 fournies, \u00e0 condition que le traitement soit fond\u00e9 sur le consentement conform\u00e9ment \u00e0 l&rsquo;article 6, paragraphe 1, de la directive. 1, point a), du RGPD ou de l&rsquo;art. 9, al. 2, point a), du RGPD ou sur un contrat conform\u00e9ment \u00e0 l&rsquo;article 6, paragraphe 1, du RGPD. 1, point b), du RGPD et que le traitement est effectu\u00e9 \u00e0 l&rsquo;aide de proc\u00e9d\u00e9s automatis\u00e9s, \u00e0 condition que le traitement ne soit pas n\u00e9cessaire \u00e0 l&rsquo;ex\u00e9cution d&rsquo;une mission d&rsquo;int\u00e9r\u00eat public ou relevant de l&rsquo;exercice de l&rsquo;autorit\u00e9 publique dont est investi le responsable du traitement.<\/p>\n<p>En outre, dans l&rsquo;exercice de son droit \u00e0 la portabilit\u00e9 des donn\u00e9es, la personne concern\u00e9e a le droit, conform\u00e9ment \u00e0 l&rsquo;article 20, paragraphe 1, de la loi sur la protection des donn\u00e9es, d&rsquo;acc\u00e9der \u00e0 ses donn\u00e9es personnelles. 1 du RGPD, le droit d&rsquo;obtenir que les donn\u00e9es \u00e0 caract\u00e8re personnel soient transmises directement d&rsquo;un responsable du traitement \u00e0 un autre, lorsque cela est techniquement possible et dans la mesure o\u00f9 cela ne porte pas atteinte aux droits et libert\u00e9s d&rsquo;autres personnes.<\/p>\n<p>Pour faire valoir son droit \u00e0 la portabilit\u00e9 des donn\u00e9es, la personne concern\u00e9e peut \u00e0 tout moment s&rsquo;adresser \u00e0 un collaborateur de Hepsi-Markt.<\/p>\n<\/li>\n<li>\n<h3>g) droit d&rsquo;opposition<\/h3>\n<p>Toute personne concern\u00e9e par le traitement de donn\u00e9es \u00e0 caract\u00e8re personnel a le droit, accord\u00e9 par le l\u00e9gislateur europ\u00e9en, de s&rsquo;opposer \u00e0 tout moment, pour des raisons tenant \u00e0 sa situation particuli\u00e8re, \u00e0 ce que des donn\u00e9es \u00e0 caract\u00e8re personnel la concernant fassent l&rsquo;objet d&rsquo;un traitement fond\u00e9 sur l&rsquo;article 6, paragraphe 1, du r\u00e8glement (CE) n\u00b0 45\/2001. 1, point e) ou f), du RGPD. Cela vaut \u00e9galement pour le profilage fond\u00e9 sur ces dispositions.<\/p>\n<p>Hepsi-Markt ne traite plus les donn\u00e9es \u00e0 caract\u00e8re personnel en cas d&rsquo;opposition, \u00e0 moins que nous puissions d\u00e9montrer qu&rsquo;il existe des motifs l\u00e9gitimes et imp\u00e9rieux pour le traitement qui pr\u00e9valent sur les int\u00e9r\u00eats, les droits et les libert\u00e9s de la personne concern\u00e9e, ou que le traitement sert \u00e0 faire valoir, exercer ou d\u00e9fendre des droits en justice.<\/p>\n<p>Si Hepsi-Markt traite des donn\u00e9es personnelles \u00e0 des fins de publicit\u00e9 directe, la personne concern\u00e9e a le droit de s&rsquo;opposer \u00e0 tout moment au traitement des donn\u00e9es personnelles \u00e0 de telles fins. Cela vaut \u00e9galement pour le profilage, dans la mesure o\u00f9 il est li\u00e9 \u00e0 une telle publicit\u00e9 directe. Si la personne concern\u00e9e s&rsquo;oppose au traitement par Hepsi-Markt \u00e0 des fins de publicit\u00e9 directe, Hepsi-Markt ne traitera plus les donn\u00e9es \u00e0 caract\u00e8re personnel \u00e0 ces fins.<\/p>\n<p>En outre, la personne concern\u00e9e a le droit de s&rsquo;opposer, pour des raisons tenant \u00e0 sa situation particuli\u00e8re, au traitement de donn\u00e9es \u00e0 caract\u00e8re personnel la concernant, qui sont collect\u00e9es par Hepsi-Markt \u00e0 des fins de recherche scientifique ou historique ou \u00e0 des fins statistiques conform\u00e9ment \u00e0 l&rsquo;article 89, paragraphe 1, de la directive 95\/46\/CE. 1 du RGPD, \u00e0 moins qu&rsquo;un tel traitement ne soit n\u00e9cessaire \u00e0 l&rsquo;ex\u00e9cution d&rsquo;une mission d&rsquo;int\u00e9r\u00eat public.<\/p>\n<p>Pour exercer son droit d&rsquo;opposition, la personne concern\u00e9e peut s&rsquo;adresser directement \u00e0 chaque collaborateur de Hepsi-Markt ou \u00e0 un autre collaborateur. La personne concern\u00e9e est \u00e9galement libre d&rsquo;exercer son droit d&rsquo;opposition dans le cadre de l&rsquo;utilisation de services de la soci\u00e9t\u00e9 de l&rsquo;information, nonobstant la directive 2002\/58\/CE, au moyen de proc\u00e9dures automatis\u00e9es utilisant des sp\u00e9cifications techniques.<\/p>\n<\/li>\n<li>\n<h3>h) les d\u00e9cisions automatis\u00e9es dans des cas individuels, y compris le profilage<\/h3>\n<p>Toute personne concern\u00e9e par le traitement de donn\u00e9es \u00e0 caract\u00e8re personnel a le droit, accord\u00e9 par le l\u00e9gislateur europ\u00e9en, de ne pas \u00eatre soumise \u00e0 une d\u00e9cision fond\u00e9e exclusivement sur un traitement automatis\u00e9, y compris le profilage, produisant des effets juridiques \u00e0 son \u00e9gard ou l&rsquo;affectant de mani\u00e8re significative de fa\u00e7on similaire, \u00e0 condition que la d\u00e9cision (1) ne soit pas n\u00e9cessaire \u00e0 la conclusion ou \u00e0 l&rsquo;ex\u00e9cution d&rsquo;un contrat entre la personne concern\u00e9e et le responsable du traitement, ou (2) soit autoris\u00e9e par la l\u00e9gislation de l&rsquo;Union ou des \u00c9tats membres \u00e0 laquelle le responsable du traitement est soumis et que cette l\u00e9gislation pr\u00e9voie des mesures appropri\u00e9es pour la sauvegarde des droits et libert\u00e9s et des int\u00e9r\u00eats l\u00e9gitimes de la personne concern\u00e9e, ou (3) soit prise avec le consentement explicite de la personne concern\u00e9e.<\/p>\n<p>Si la d\u00e9cision (1) est n\u00e9cessaire \u00e0 la conclusion ou \u00e0 l&rsquo;ex\u00e9cution d&rsquo;un contrat entre la personne concern\u00e9e et le responsable du traitement, ou (2) si elle est prise avec le consentement expr\u00e8s de la personne concern\u00e9e, Hepsi-Markt prend les mesures appropri\u00e9es pour sauvegarder les droits et libert\u00e9s et les int\u00e9r\u00eats l\u00e9gitimes de la personne concern\u00e9e, ce qui inclut au moins le droit d&rsquo;obtenir une intervention humaine de la part du responsable du traitement, d&rsquo;exprimer son point de vue et de contester la d\u00e9cision.<\/p>\n<p>Si la personne concern\u00e9e souhaite faire valoir des droits relatifs \u00e0 des d\u00e9cisions automatis\u00e9es, elle peut \u00e0 tout moment s&rsquo;adresser \u00e0 un collaborateur du responsable du traitement.<\/p>\n<\/li>\n<li>\n<h3>i) Droit de r\u00e9voquer un consentement en mati\u00e8re de protection des donn\u00e9es<\/h3>\n<p>Toute personne concern\u00e9e par le traitement de donn\u00e9es \u00e0 caract\u00e8re personnel a le droit, accord\u00e9 par le l\u00e9gislateur europ\u00e9en, de r\u00e9voquer \u00e0 tout moment son consentement au traitement de donn\u00e9es \u00e0 caract\u00e8re personnel.<\/p>\n<p>Si la personne concern\u00e9e souhaite exercer son droit de r\u00e9vocation du consentement, elle peut \u00e0 tout moment s&rsquo;adresser \u00e0 un collaborateur du responsable du traitement.<\/p>\n<\/li>\n<\/ul>\n<h3>9) Protection des donn\u00e9es dans le cadre des candidatures et de la proc\u00e9dure de candidature<\/h3>\n<p>Le responsable du traitement collecte et traite les donn\u00e9es \u00e0 caract\u00e8re personnel des candidats aux fins de la gestion de la proc\u00e9dure de candidature. Le traitement peut \u00e9galement \u00eatre effectu\u00e9 par voie \u00e9lectronique. C&rsquo;est notamment le cas lorsqu&rsquo;un candidat transmet les documents de candidature correspondants au responsable du traitement par voie \u00e9lectronique, par exemple par courriel ou via un formulaire web disponible sur le site internet. Si le responsable du traitement conclut un contrat d&#8217;embauche avec un candidat, les donn\u00e9es transmises sont enregistr\u00e9es aux fins de la gestion de la relation d&#8217;emploi, dans le respect des dispositions l\u00e9gales. Si le responsable du traitement ne conclut pas de contrat d&#8217;embauche avec le candidat, les dossiers de candidature sont automatiquement effac\u00e9s deux mois apr\u00e8s la notification de la d\u00e9cision de rejet, \u00e0 moins que d&rsquo;autres int\u00e9r\u00eats l\u00e9gitimes du responsable du traitement ne s&rsquo;opposent \u00e0 l&rsquo;effacement. Un autre int\u00e9r\u00eat l\u00e9gitime dans ce sens est par exemple une obligation de preuve dans une proc\u00e9dure selon la loi g\u00e9n\u00e9rale sur l&rsquo;\u00e9galit\u00e9 de traitement (AGG).<\/p>\n<h3>10. politique de confidentialit\u00e9 concernant l&rsquo;utilisation de Facebook<\/h3>\n<p>Le responsable du traitement a int\u00e9gr\u00e9 des composants de l&rsquo;entreprise Facebook sur ce site Internet. Facebook est un r\u00e9seau social.<\/p>\n<p>Un r\u00e9seau social est un lieu de rencontre social g\u00e9r\u00e9 sur Internet, une communaut\u00e9 en ligne qui permet g\u00e9n\u00e9ralement aux utilisateurs de communiquer entre eux et d&rsquo;interagir dans un espace virtuel. Un r\u00e9seau social peut servir de plateforme d&rsquo;\u00e9change d&rsquo;opinions et d&rsquo;exp\u00e9riences ou permet \u00e0 la communaut\u00e9 Internet de fournir des informations personnelles ou relatives \u00e0 l&rsquo;entreprise. Facebook permet aux utilisateurs du r\u00e9seau social, entre autres, de cr\u00e9er des profils priv\u00e9s, de t\u00e9l\u00e9charger des photos et d&rsquo;\u00e9tablir un r\u00e9seau via des demandes d&rsquo;amis.<\/p>\n<p>La soci\u00e9t\u00e9 d&rsquo;exploitation de Facebook est Facebook, Inc, 1 Hacker Way, Menlo Park, CA 94025, \u00c9tats-Unis. Le responsable du traitement des donn\u00e9es \u00e0 caract\u00e8re personnel, lorsqu&rsquo;une personne concern\u00e9e vit en dehors des \u00c9tats-Unis ou du Canada, est Facebook Ireland Ltd, 4 Grand Canal Square, Grand Canal Harbour, Dublin 2, Ireland.<\/p>\n<p>Chaque fois qu&rsquo;une des pages individuelles de ce site Internet, exploit\u00e9 par le responsable du traitement et sur lequel un composant Facebook (plug-in Facebook) a \u00e9t\u00e9 int\u00e9gr\u00e9, le navigateur Internet du syst\u00e8me informatique de la personne concern\u00e9e est automatiquement invit\u00e9 par le composant Facebook concern\u00e9 \u00e0 t\u00e9l\u00e9charger une repr\u00e9sentation du composant Facebook correspondant de Facebook. Une vue d&rsquo;ensemble de tous les plug-ins Facebook peut \u00eatre consult\u00e9e sur https:\/\/developers.facebook.com\/docs\/plugins\/?locale=de_DE. Dans le cadre de cette proc\u00e9dure technique, Facebook est inform\u00e9 de la sous-page sp\u00e9cifique de notre site Internet qui est visit\u00e9e par la personne concern\u00e9e.<\/p>\n<p>Dans la mesure o\u00f9 la personne concern\u00e9e est connect\u00e9e en m\u00eame temps \u00e0 Facebook, Facebook reconna\u00eet, \u00e0 chaque appel de notre site Internet par la personne concern\u00e9e et pendant toute la dur\u00e9e de son s\u00e9jour sur notre site Internet, quelle sous-page sp\u00e9cifique de notre site Internet la personne concern\u00e9e visite. Ces informations sont collect\u00e9es par le composant Facebook et attribu\u00e9es par Facebook au compte Facebook respectif de la personne concern\u00e9e. Si la personne concern\u00e9e actionne l&rsquo;un des boutons Facebook int\u00e9gr\u00e9s sur notre site Internet, par exemple le bouton \u00ab\u00a0J&rsquo;aime\u00a0\u00bb, ou si la personne concern\u00e9e fait un commentaire, Facebook associe cette information au compte d&rsquo;utilisateur Facebook personnel de la personne concern\u00e9e et enregistre ces donn\u00e9es \u00e0 caract\u00e8re personnel.<\/p>\n<p>Facebook re\u00e7oit toujours, via le composant Facebook, une information indiquant que la personne concern\u00e9e a visit\u00e9 notre site Internet si la personne concern\u00e9e est simultan\u00e9ment connect\u00e9e \u00e0 Facebook au moment de l&rsquo;appel de notre site Internet ; cela a lieu ind\u00e9pendamment du fait que la personne concern\u00e9e clique ou non sur le composant Facebook. Si la personne concern\u00e9e ne souhaite pas que ces informations soient transmises \u00e0 Facebook, elle peut emp\u00eacher cette transmission en se d\u00e9connectant de son compte Facebook avant d&rsquo;acc\u00e9der \u00e0 notre site Internet.<\/p>\n<p>La politique de donn\u00e9es publi\u00e9e par Facebook, disponible \u00e0 l&rsquo;adresse https:\/\/de-de.facebook.com\/about\/privacy\/, fournit des informations sur la collecte, le traitement et l&rsquo;utilisation des donn\u00e9es personnelles par Facebook. Il explique \u00e9galement les possibilit\u00e9s de param\u00e9trage offertes par Facebook pour prot\u00e9ger la vie priv\u00e9e de la personne concern\u00e9e. En outre, il existe diff\u00e9rentes applications qui permettent de supprimer la transmission de donn\u00e9es \u00e0 Facebook. De telles applications peuvent \u00eatre utilis\u00e9es par la personne concern\u00e9e pour supprimer la transmission de donn\u00e9es \u00e0 Facebook.<\/p>\n<h3>11. politique de confidentialit\u00e9 concernant l&rsquo;utilisation d&rsquo;Instagram<\/h3>\n<p>Le responsable du traitement a int\u00e9gr\u00e9 des composants du service Instagram sur ce site Internet. Instagram est un service qui peut \u00eatre qualifi\u00e9 de plateforme audiovisuelle et qui permet aux utilisateurs de partager des photos et des vid\u00e9os, ainsi que de diffuser ces donn\u00e9es sur d&rsquo;autres r\u00e9seaux sociaux.<\/p>\n<p>L&rsquo;exploitant des services d&rsquo;Instagram est Facebook Ireland Ltd, 4 Grand Canal Square, Grand Canal Harbour, Dublin 2 Ireland.<\/p>\n<p>Chaque fois qu&rsquo;une des pages individuelles de ce site Internet, exploit\u00e9 par le responsable du traitement et sur lequel un composant Instagram (bouton Insta) a \u00e9t\u00e9 int\u00e9gr\u00e9, le navigateur Internet du syst\u00e8me informatique de la personne concern\u00e9e est automatiquement invit\u00e9 par le composant Instagram concern\u00e9 \u00e0 t\u00e9l\u00e9charger une repr\u00e9sentation du composant correspondant d&rsquo;Instagram. Dans le cadre de cette proc\u00e9dure technique, Instagram est inform\u00e9 de la sous-page sp\u00e9cifique de notre site Internet visit\u00e9e par la personne concern\u00e9e.<\/p>\n<p>Dans la mesure o\u00f9 la personne concern\u00e9e est connect\u00e9e en m\u00eame temps \u00e0 Instagram, Instagram reconna\u00eet, \u00e0 chaque appel de la personne concern\u00e9e sur notre site Internet et pendant toute la dur\u00e9e de son s\u00e9jour sur notre site Internet, quelle sous-page sp\u00e9cifique la personne concern\u00e9e visite. Ces informations sont collect\u00e9es par le composant Instagram et attribu\u00e9es par Instagram au compte Instagram respectif de la personne concern\u00e9e. Si la personne concern\u00e9e actionne l&rsquo;un des boutons Instagram int\u00e9gr\u00e9s sur notre site Internet, les donn\u00e9es et informations ainsi transmises sont attribu\u00e9es au compte d&rsquo;utilisateur Instagram personnel de la personne concern\u00e9e et sont enregistr\u00e9es et trait\u00e9es par Instagram.<\/p>\n<p>Instagram re\u00e7oit toujours, via le composant Instagram, une information indiquant que la personne concern\u00e9e a visit\u00e9 notre site Internet si la personne concern\u00e9e est simultan\u00e9ment connect\u00e9e \u00e0 Instagram au moment de l&rsquo;appel de notre site Internet ; cela a lieu ind\u00e9pendamment du fait que la personne concern\u00e9e clique ou non sur le composant Instagram. Si une telle transmission de ces informations \u00e0 Instagram n&rsquo;est pas souhait\u00e9e par la personne concern\u00e9e, celle-ci peut emp\u00eacher cette transmission en se d\u00e9connectant de son compte Instagram avant d&rsquo;appeler notre site Internet.<\/p>\n<p>Pour plus d&rsquo;informations et pour conna\u00eetre la politique de confidentialit\u00e9 applicable d&rsquo;Instagram, veuillez consulter les sites https:\/\/help.instagram.com\/155833707900388 et https:\/\/www.instagram.com\/about\/legal\/privacy\/.<\/p>\n<h3>12) la base juridique du traitement<\/h3>\n<p>Art. 6 I lit. a du RGPD sert de base juridique \u00e0 notre entreprise pour les op\u00e9rations de traitement pour lesquelles nous obtenons un consentement pour une finalit\u00e9 de traitement sp\u00e9cifique. Si le traitement de donn\u00e9es \u00e0 caract\u00e8re personnel est n\u00e9cessaire \u00e0 l&rsquo;ex\u00e9cution d&rsquo;un contrat auquel la personne concern\u00e9e est partie, comme c&rsquo;est par exemple le cas pour les op\u00e9rations de traitement n\u00e9cessaires \u00e0 la livraison de marchandises ou \u00e0 la fourniture d&rsquo;une autre prestation ou contrepartie, le traitement est fond\u00e9 sur l&rsquo;article 6 I, lettre a), du r\u00e8glement (CE) n\u00b0 45\/2001. b du RGPD. Il en va de m\u00eame pour les op\u00e9rations de traitement n\u00e9cessaires \u00e0 l&rsquo;ex\u00e9cution de mesures pr\u00e9contractuelles, par exemple dans le cas de demandes concernant nos produits ou services. Si notre entreprise est soumise \u00e0 une obligation l\u00e9gale qui rend n\u00e9cessaire le traitement de donn\u00e9es \u00e0 caract\u00e8re personnel, comme par exemple l&rsquo;accomplissement d&rsquo;obligations fiscales, le traitement est bas\u00e9 sur l&rsquo;art. 6 I lit. c du RGPD. Dans de rares cas, le traitement de donn\u00e9es \u00e0 caract\u00e8re personnel pourrait \u00eatre n\u00e9cessaire pour prot\u00e9ger les int\u00e9r\u00eats vitaux de la personne concern\u00e9e ou d&rsquo;une autre personne physique. Ce serait par exemple le cas si un visiteur \u00e9tait bless\u00e9 dans notre entreprise et que, par la suite, son nom, son \u00e2ge, ses donn\u00e9es d&rsquo;assurance maladie ou d&rsquo;autres informations vitales devaient \u00eatre transmises \u00e0 un m\u00e9decin, un h\u00f4pital ou un autre tiers. Le traitement serait alors fond\u00e9 sur l&rsquo;art. 6 I lit. d du RGPD. En fin de compte, les op\u00e9rations de traitement pourraient \u00eatre fond\u00e9es sur l&rsquo;article 6 I, lettre a). f du RGPD. Les op\u00e9rations de traitement qui ne sont couvertes par aucune des bases juridiques susmentionn\u00e9es reposent sur cette base juridique si le traitement est n\u00e9cessaire \u00e0 la sauvegarde d&rsquo;un int\u00e9r\u00eat l\u00e9gitime de notre entreprise ou d&rsquo;un tiers, \u00e0 condition que les int\u00e9r\u00eats, les droits fondamentaux et les libert\u00e9s fondamentales de la personne concern\u00e9e ne pr\u00e9valent pas. De telles op\u00e9rations de traitement nous sont notamment autoris\u00e9es parce qu&rsquo;elles ont \u00e9t\u00e9 sp\u00e9cialement mentionn\u00e9es par le l\u00e9gislateur europ\u00e9en. Il a estim\u00e9 \u00e0 cet \u00e9gard qu&rsquo;un int\u00e9r\u00eat l\u00e9gitime pourrait \u00eatre pr\u00e9sum\u00e9 lorsque la personne concern\u00e9e est un client du responsable du traitement (consid\u00e9rant 47, deuxi\u00e8me phrase, du RGPD).<\/p>\n<h3>13. int\u00e9r\u00eats l\u00e9gitimes au traitement poursuivis par le responsable du traitement ou par un tiers<\/h3>\n<p>Si le traitement des donn\u00e9es \u00e0 caract\u00e8re personnel se fonde sur l&rsquo;article 6 I, let. f du RGPD, notre int\u00e9r\u00eat l\u00e9gitime est de mener nos activit\u00e9s commerciales en faveur du bien-\u00eatre de tous nos collaborateurs et de nos actionnaires.<\/p>\n<h3>14. dur\u00e9e de conservation des donn\u00e9es \u00e0 caract\u00e8re personnel<\/h3>\n<p>Le crit\u00e8re pour la dur\u00e9e de conservation des donn\u00e9es \u00e0 caract\u00e8re personnel est le d\u00e9lai de conservation l\u00e9gal respectif. Apr\u00e8s l&rsquo;expiration de ce d\u00e9lai, les donn\u00e9es correspondantes sont effac\u00e9es de mani\u00e8re routini\u00e8re, dans la mesure o\u00f9 elles ne sont plus n\u00e9cessaires \u00e0 l&rsquo;ex\u00e9cution ou \u00e0 la pr\u00e9paration du contrat.<\/p>\n<h3>15. dispositions l\u00e9gales ou contractuelles relatives \u00e0 la fourniture des donn\u00e9es \u00e0 caract\u00e8re personnel ; n\u00e9cessit\u00e9 pour la conclusion du contrat ; obligation de la personne concern\u00e9e de fournir les donn\u00e9es \u00e0 caract\u00e8re personnel ; cons\u00e9quences \u00e9ventuelles de la non-fourniture de ces donn\u00e9es<\/h3>\n<p>Nous vous informons que la mise \u00e0 disposition de donn\u00e9es personnelles est en partie prescrite par la loi (p. ex. dispositions fiscales) ou peut \u00e9galement r\u00e9sulter de dispositions contractuelles (p. ex. donn\u00e9es relatives au partenaire contractuel). Pour conclure un contrat, il peut parfois \u00eatre n\u00e9cessaire qu&rsquo;une personne concern\u00e9e mette \u00e0 notre disposition des donn\u00e9es \u00e0 caract\u00e8re personnel qui doivent ensuite \u00eatre trait\u00e9es par nos soins. La personne concern\u00e9e est par exemple tenue de nous fournir des donn\u00e9es \u00e0 caract\u00e8re personnel lorsque notre entreprise conclut un contrat avec elle. La non-communication des donn\u00e9es \u00e0 caract\u00e8re personnel aurait pour cons\u00e9quence que le contrat avec la personne concern\u00e9e ne pourrait pas \u00eatre conclu. Avant que la personne concern\u00e9e ne fournisse des donn\u00e9es \u00e0 caract\u00e8re personnel, elle doit s&rsquo;adresser \u00e0 l&rsquo;un de nos collaborateurs. Notre collaborateur explique \u00e0 la personne concern\u00e9e, au cas par cas, si la mise \u00e0 disposition des donn\u00e9es personnelles est prescrite par la loi ou par un contrat ou si elle est n\u00e9cessaire \u00e0 la conclusion du contrat, s&rsquo;il existe une obligation de mettre \u00e0 disposition les donn\u00e9es personnelles et quelles seraient les cons\u00e9quences de la non-mise \u00e0 disposition des donn\u00e9es personnelles.<\/p>\n<h3>16. existence d&rsquo;une prise de d\u00e9cision automatis\u00e9e<\/h3>\n<p>En tant qu&rsquo;entreprise responsable, nous renon\u00e7ons \u00e0 une prise de d\u00e9cision automatique ou \u00e0 un profilage.<\/p>\n<p>Cette d\u00e9claration de protection des donn\u00e9es a \u00e9t\u00e9 r\u00e9dig\u00e9e par le g\u00e9n\u00e9rateur de d\u00e9claration de protection des donn\u00e9es de la DGD Deutsche Gesellschaft f\u00fcr Datenschutz GmbH, qui agit en tant que <a href=\"https:\/\/dg-datenschutz.de\/datenschutz-dienstleistungen\/externer-datenschutzbeauftragter\/\" target=\"_blank\" rel=\"noopener\">d\u00e9l\u00e9gu\u00e9 externe \u00e0 la protection des donn\u00e9es \u00e0 Munich<\/a>, en coop\u00e9ration avec l&rsquo;<a href=\"https:\/\/www.wbs-law.de\/\" target=\"_blank\" rel=\"noopener\">avocat sp\u00e9cialis\u00e9 dans la protection des donn\u00e9es Christian Solmecke.<\/a> <\/p>\t\t\t\t\t\t\t\t<\/div>\n\t\t\t\t<\/div>\n\t\t\t\t<div class=\"elementor-element elementor-element-c2b3322 elementor-widget elementor-widget-spacer\" data-id=\"c2b3322\" data-element_type=\"widget\" data-widget_type=\"spacer.default\">\n\t\t\t\t<div class=\"elementor-widget-container\">\n\t\t\t\t\t\t\t<div class=\"elementor-spacer\">\n\t\t\t<div class=\"elementor-spacer-inner\"><\/div>\n\t\t<\/div>\n\t\t\t\t\t\t<\/div>\n\t\t\t\t<\/div>\n\t\t\t\t\t<\/div>\n\t\t<\/div>\n\t\t\t\t\t<\/div>\n\t\t<\/section>\n\t\t\t\t<\/div>\n\t\t","protected":false},"excerpt":{"rendered":"<p>D\u00e9claration de confidentialit\u00e9 Nous sommes tr\u00e8s heureux de l&rsquo;int\u00e9r\u00eat que vous portez \u00e0 notre entreprise. La protection des donn\u00e9es rev\u00eat une importance particuli\u00e8rement \u00e9lev\u00e9e pour la direction de Hepsi-Markt. L&rsquo;utilisation des pages Internet de Hepsi-Markt est en principe possible sans aucune indication de donn\u00e9es personnelles. Si une personne concern\u00e9e souhaite utiliser des services particuliers de [&hellip;]<\/p>\n","protected":false},"author":1,"featured_media":0,"parent":0,"menu_order":0,"comment_status":"closed","ping_status":"closed","template":"elementor_header_footer","meta":{"_acf_changed":false,"footnotes":""},"class_list":["post-5752","page","type-page","status-publish","hentry"],"acf":[],"_links":{"self":[{"href":"https:\/\/hepsi-markt.de\/fr\/wp-json\/wp\/v2\/pages\/5752","targetHints":{"allow":["GET"]}}],"collection":[{"href":"https:\/\/hepsi-markt.de\/fr\/wp-json\/wp\/v2\/pages"}],"about":[{"href":"https:\/\/hepsi-markt.de\/fr\/wp-json\/wp\/v2\/types\/page"}],"author":[{"embeddable":true,"href":"https:\/\/hepsi-markt.de\/fr\/wp-json\/wp\/v2\/users\/1"}],"replies":[{"embeddable":true,"href":"https:\/\/hepsi-markt.de\/fr\/wp-json\/wp\/v2\/comments?post=5752"}],"version-history":[{"count":0,"href":"https:\/\/hepsi-markt.de\/fr\/wp-json\/wp\/v2\/pages\/5752\/revisions"}],"wp:attachment":[{"href":"https:\/\/hepsi-markt.de\/fr\/wp-json\/wp\/v2\/media?parent=5752"}],"curies":[{"name":"wp","href":"https:\/\/api.w.org\/{rel}","templated":true}]}}